{"version":"1.0","provider_name":"Construcciones y Reformas Anselm","provider_url":"https:\/\/www.anselmcr.com\/cast","title":"Reformes accessibles: adaptar habitatges per a persones grans o amb mobilitat redu\u00efda. - Construccions i Reformes Anselm","type":"rich","width":600,"height":338,"html":"<blockquote class=\"wp-embedded-content\" data-secret=\"9XlP4N2qiZ\"><a href=\"https:\/\/www.anselmcr.com\/cast\/article-14-construccions-i-reformes-anselm\/\">Reformes accessibles: adaptar habitatges per a persones grans o amb mobilitat redu\u00efda.<\/a><\/blockquote><iframe sandbox=\"allow-scripts\" security=\"restricted\" src=\"https:\/\/www.anselmcr.com\/cast\/article-14-construccions-i-reformes-anselm\/embed\/#?secret=9XlP4N2qiZ\" width=\"600\" height=\"338\" title=\"\u00abReformes accessibles: adaptar habitatges per a persones grans o amb mobilitat redu\u00efda.\u00bb \u2014 Construccions i Reformes Anselm\" data-secret=\"9XlP4N2qiZ\" frameborder=\"0\" marginwidth=\"0\" marginheight=\"0\" scrolling=\"no\" class=\"wp-embedded-content\"><\/iframe><script>\n\/*! This file is auto-generated *\/\n!function(d,l){\"use strict\";l.querySelector&&d.addEventListener&&\"undefined\"!=typeof URL&&(d.wp=d.wp||{},d.wp.receiveEmbedMessage||(d.wp.receiveEmbedMessage=function(e){var t=e.data;if((t||t.secret||t.message||t.value)&&!\/[^a-zA-Z0-9]\/.test(t.secret)){for(var s,r,n,a=l.querySelectorAll('iframe[data-secret=\"'+t.secret+'\"]'),o=l.querySelectorAll('blockquote[data-secret=\"'+t.secret+'\"]'),c=new RegExp(\"^https?:$\",\"i\"),i=0;i<o.length;i++)o[i].style.display=\"none\";for(i=0;i<a.length;i++)s=a[i],e.source===s.contentWindow&&(s.removeAttribute(\"style\"),\"height\"===t.message?(1e3<(r=parseInt(t.value,10))?r=1e3:~~r<200&&(r=200),s.height=r):\"link\"===t.message&&(r=new URL(s.getAttribute(\"src\")),n=new URL(t.value),c.test(n.protocol))&&n.host===r.host&&l.activeElement===s&&(d.top.location.href=t.value))}},d.addEventListener(\"message\",d.wp.receiveEmbedMessage,!1),l.addEventListener(\"DOMContentLoaded\",function(){for(var e,t,s=l.querySelectorAll(\"iframe.wp-embedded-content\"),r=0;r<s.length;r++)(t=(e=s[r]).getAttribute(\"data-secret\"))||(t=Math.random().toString(36).substring(2,12),e.src+=\"#?secret=\"+t,e.setAttribute(\"data-secret\",t)),e.contentWindow.postMessage({message:\"ready\",secret:t},\"*\")},!1)))}(window,document);\n<\/script>","thumbnail_url":"https:\/\/www.anselmcr.com\/wp-content\/uploads\/2024\/11\/DSC_0731-copy-scaled.jpg","thumbnail_width":2048,"thumbnail_height":2560,"description":"L\u2019adaptaci\u00f3 dels habitatges per a persones grans o amb mobilitat redu\u00efda s\u2019ha convertit en una necessitat cada vegada m\u00e9s important. Apostar per reformes accessibles no nom\u00e9s millora la qualitat de vida, sin\u00f3 que tamb\u00e9 incrementa el valor de l\u2019immoble i garanteix seguretat i autonomia dins la llar. En aquest article t\u2019expliquem com fer una reforma..."}